{"id":116,"date":"2026-01-09T16:05:58","date_gmt":"2026-01-09T16:05:58","guid":{"rendered":"https:\/\/tulikavio.de\/?page_id=116"},"modified":"2026-01-09T16:47:06","modified_gmt":"2026-01-09T16:47:06","slug":"cv-kuenstlerin-stiina-hovi","status":"publish","type":"page","link":"https:\/\/tulikavio.de\/?page_id=116","title":{"rendered":"CV &#8211; K\u00fcnstlerin Stiina Hovi"},"content":{"rendered":"\n<p><strong><em>Geboren in Espoo, Finnland, 1976<br>Ich lebe und arbeite in Hyvink\u00e4\u00e4, Finnland.<\/em><\/strong><\/p>\n\n\n\n<p><br>Facebook: <a href=\"https:\/\/www.facebook.com\/tulikavio\">Tulikavio<\/a><br>Instagram: <a href=\"https:\/\/www.instagram.com\/tulikavio_art\/\">@tulikavio_art<\/a><\/p>\n\n\n\n<figure class=\"wp-block-image size-large\"><img loading=\"lazy\" decoding=\"async\" width=\"1000\" height=\"1024\" src=\"https:\/\/tulikavio.de\/wp-content\/uploads\/2026\/01\/stiina_3V3A1946-low-1000x1024.jpg\" alt=\"\" class=\"wp-image-144\" srcset=\"https:\/\/tulikavio.de\/wp-content\/uploads\/2026\/01\/stiina_3V3A1946-low-1000x1024.jpg 1000w, https:\/\/tulikavio.de\/wp-content\/uploads\/2026\/01\/stiina_3V3A1946-low-293x300.jpg 293w, https:\/\/tulikavio.de\/wp-content\/uploads\/2026\/01\/stiina_3V3A1946-low-768x787.jpg 768w, https:\/\/tulikavio.de\/wp-content\/uploads\/2026\/01\/stiina_3V3A1946-low.jpg 1276w\" sizes=\"auto, (max-width: 1000px) 100vw, 1000px\" \/><figcaption class=\"wp-element-caption\">Stiina Hovi, Finnland<\/figcaption><\/figure>\n\n\n\n<p><strong>Ausstellungen:<\/strong><\/p>\n\n\n\n<ul class=\"wp-block-list\">\n<li>Gruppenausstellung in Aseman Taidelaituri, Punkaharju 6\u20138\/2025<\/li>\n\n\n\n<li>Event-Ausstellung in Finnische Meisterschaftsrennen, Jyv\u00e4skyl\u00e4 7\/2024<\/li>\n\n\n\n<li>Gruppenausstellung in Galerie Kunstvoll, Barth, Deutschland 3\u201310\/2024<\/li>\n\n\n\n<li>Gruppenausstellung \u2019Nur Pferde\u2019 in Kaufcentrum Ainoa, Espoo 3\/2024<\/li>\n\n\n\n<li>Event-Ausstellung in Finnische Meisterschaftsrennen, Kouvola 8\/2023<\/li>\n\n\n\n<li>Private Ausstellung \u2019Tulikavio &#8211; Die Macht der Farbe und der Emotionen\u2019 in Puistotalo, Hamina 6\/2023<\/li>\n\n\n\n<li>Private Ausstellung \u2019Tulikavio &#8211; Colors of Music\u2019 in Haus der Kultur, Helsinki 3\u20134\/2023<\/li>\n\n\n\n<li>Event-Ausstellung in Finnische Meisterschaftsrennen, Forssa 7\/2022<\/li>\n\n\n\n<li>Private Ausstellung \u2019Tulikavio &#8211; Pferde spritzende Farben\u2019 in Puistotalo, Hamina 6\/2022<\/li>\n\n\n\n<li>Private Ausstellung \u2019Tulikavio &#8211; Vom Gr\u00fcn zum Wasserschatten\u2019 in Aatos Galerie, Porvoo 12\/2021<\/li>\n\n\n\n<li>Private Ausstellung \u2019Tulikavio &#8211; Mit dem Pferd\u2019 in Kivinavetta Galerie, H\u00e4meenkyr\u00f6 7\/2021<\/li>\n\n\n\n<li>Private Ausstellung \u2019Tulikavion Sommerausstellung in Pferdesportschule Harju, Virolahti 6\/2021<\/li>\n\n\n\n<li>Private Ausstellung \u2019Tulikavio &#8211; Farben der Emotionen\u2019 in Schwedisches Kulturzentrum, Helsinki 3\u20134\/2021<\/li>\n\n\n\n<li>Private Ausstellung \u2019Tulikavio &#8211; Mit der Kraft des Pferdes\u2019 in Sarka Museum, Loimaa 9\/2020\u20131\/2021<\/li>\n\n\n\n<li>Private Ausstellung \u2019Tulikavio &#8211; Die Rolle des Pferdes\u2019 in Pferdesportschule Yp\u00e4j\u00e4, Yp\u00e4j\u00e4 8\u20139\/2020<\/li>\n\n\n\n<li>Private Ausstellung \u2019Tulikavio &#8211; Pferde mit Gef\u00fchlen\u2019 in Herrenhaus Hyypp\u00e4r\u00e4, Hyvink\u00e4\u00e4 1\u20132\/2020<\/li>\n\n\n\n<li>Private Ausstellung \u2019Tulikavio &#8211; Die faszinierenden Pferde des Ostens\u2019 in Aatos Galerie, Porvoo 10\/2019<\/li>\n\n\n\n<li>Gruppenausstellung \u2019Stille\u2019, in Kunstzentrum Leporanta, Orivesi 6\u20138\/2019<\/li>\n\n\n\n<li>Event-Ausstellung in Finnische Meisterschaftsrennen, Lahti 8\/2019<\/li>\n\n\n\n<li>Event-Ausstellung in Finnische Meisterschaft im Springreiten, Hyvink\u00e4\u00e4 6\/2019<\/li>\n\n\n\n<li>Event-Ausstellung in Das gro\u00dfe Dressurreiten Wettbewerb, Herrenhaus Laha, Pornainen 5\/2019<\/li>\n\n\n\n<li>Private Ausstellung \u2019Tulikavio &#8211; Geschichten von Macht\u2019 in Jade Galerie, Helsinki 3\/2019<\/li>\n\n\n\n<li>Gruppenausstellung \u2019Vom Augenblick zur Ewigkeit\u2019 in Galerie Klementinan Sali, Helsinki 1\u20132\/2019<\/li>\n\n\n\n<li>Private Ausstellung \u2019Tulikavio &#8211; Kunst von Pferden\u2019 in Herrenhaus Hyypp\u00e4r\u00e4, Hyvink\u00e4\u00e4 12\/2018<\/li>\n<\/ul>\n\n\n\n<p>Im Laufe der Jahre habe ich meine Kunst auch auf zahlreichen Pferdesportveranstaltungen ausgestellt.<\/p>\n\n\n\n<figure class=\"wp-block-image size-large\"><img loading=\"lazy\" decoding=\"async\" width=\"1024\" height=\"711\" src=\"https:\/\/tulikavio.de\/wp-content\/uploads\/2026\/01\/moonjumper-low-1024x711.jpg\" alt=\"\" class=\"wp-image-36\" srcset=\"https:\/\/tulikavio.de\/wp-content\/uploads\/2026\/01\/moonjumper-low-1024x711.jpg 1024w, https:\/\/tulikavio.de\/wp-content\/uploads\/2026\/01\/moonjumper-low-300x208.jpg 300w, https:\/\/tulikavio.de\/wp-content\/uploads\/2026\/01\/moonjumper-low-768x533.jpg 768w, https:\/\/tulikavio.de\/wp-content\/uploads\/2026\/01\/moonjumper-low-1536x1066.jpg 1536w, https:\/\/tulikavio.de\/wp-content\/uploads\/2026\/01\/moonjumper-low.jpg 1634w\" sizes=\"auto, (max-width: 1024px) 100vw, 1024px\" \/><figcaption class=\"wp-element-caption\">Moonjumper, 2025<\/figcaption><\/figure>\n\n\n\n<p><strong>Karriere:<\/strong><br>Ich habe fast 30 Jahre meiner beruflichen Laufbahn als Grafikdesigner, Illustrator, Journalist und Fotograf in verschiedenen Medien verbracht und arbeite heute freiberuflich in diesen Bereichen. Zus\u00e4tzlich biete ich Energieheilung und Stressmanagement-Behandlungen an.<br>Au\u00dferdem habe ich mehrere Briefmarken f\u00fcr Finnische Post entworfen.<br><br>Ich bin in der Kunst unter dem Namen Tulikavio t\u00e4tig. Fr\u00fcher waren es Keramiken, jetzt liegt der Schwerpunkt auf der Malerei. Ich mache jedes Jahr mehrere Ausstellungen an sehr unterschiedlichen Orten. Au\u00dferdem mache ich viele Auftragsarbeiten.<\/p>\n\n\n\n<figure class=\"wp-block-image size-large\"><img loading=\"lazy\" decoding=\"async\" width=\"1559\" height=\"877\" src=\"https:\/\/tulikavio.de\/wp-content\/uploads\/2026\/01\/viidakko-Der-Dschungel-low-edited.jpg\" alt=\"\" class=\"wp-image-122\" srcset=\"https:\/\/tulikavio.de\/wp-content\/uploads\/2026\/01\/viidakko-Der-Dschungel-low-edited.jpg 1559w, https:\/\/tulikavio.de\/wp-content\/uploads\/2026\/01\/viidakko-Der-Dschungel-low-edited-300x169.jpg 300w, https:\/\/tulikavio.de\/wp-content\/uploads\/2026\/01\/viidakko-Der-Dschungel-low-edited-1024x576.jpg 1024w, https:\/\/tulikavio.de\/wp-content\/uploads\/2026\/01\/viidakko-Der-Dschungel-low-edited-768x432.jpg 768w, https:\/\/tulikavio.de\/wp-content\/uploads\/2026\/01\/viidakko-Der-Dschungel-low-edited-1536x864.jpg 1536w\" sizes=\"auto, (max-width: 1559px) 100vw, 1559px\" \/><figcaption class=\"wp-element-caption\">Der Dschungel, 2024<\/figcaption><\/figure>\n\n\n\n<p><br><strong>Bildung:<\/strong><\/p>\n\n\n\n<ul class=\"wp-block-list\">\n<li>BodyMind Energy Balancing Method -Energieheilungtherapeutin 2025<\/li>\n\n\n\n<li>Berufliche Qualifikation, ausgebildete Massagetherapeutin 2015<\/li>\n\n\n\n<li>Bachelor-Abschluss in Grafikdesign 1999<\/li>\n\n\n\n<li>Abschluss der Hochschule f\u00fcr Bildende K\u00fcnste Helsinki 1995<\/li>\n\n\n\n<li>Zahlreiche Kunstkurse.<\/li>\n<\/ul>\n\n\n\n<p><strong>Mitgliedschaften:<\/strong><br><a href=\"https:\/\/www.paardverzameld.com\/\">Paard Verzameld<\/a> Collective, dem weltweit gr\u00f6\u00dften Kollektiv von Pferdek\u00fcnstlern, den Niederlanden. <\/p>\n\n\n\n<figure class=\"wp-block-image size-large\"><img loading=\"lazy\" decoding=\"async\" width=\"1024\" height=\"725\" src=\"https:\/\/tulikavio.de\/wp-content\/uploads\/2026\/01\/balance-low-1024x725.jpg\" alt=\"\" class=\"wp-image-17\" srcset=\"https:\/\/tulikavio.de\/wp-content\/uploads\/2026\/01\/balance-low-1024x725.jpg 1024w, https:\/\/tulikavio.de\/wp-content\/uploads\/2026\/01\/balance-low-300x212.jpg 300w, https:\/\/tulikavio.de\/wp-content\/uploads\/2026\/01\/balance-low-768x544.jpg 768w, https:\/\/tulikavio.de\/wp-content\/uploads\/2026\/01\/balance-low-1536x1088.jpg 1536w, https:\/\/tulikavio.de\/wp-content\/uploads\/2026\/01\/balance-low.jpg 1538w\" sizes=\"auto, (max-width: 1024px) 100vw, 1024px\" \/><figcaption class=\"wp-element-caption\">Balance, 2021 (Diptychon)<\/figcaption><\/figure>\n\n\n\n<p><\/p>\n","protected":false},"excerpt":{"rendered":"<p>Geboren in Espoo, Finnland, 1976Ich lebe und arbeite in Hyvink\u00e4\u00e4, Finnland. Facebook: TulikavioInstagram: @tulikavio_art Ausstellungen: Im Laufe der Jahre habe ich meine Kunst auch auf zahlreichen Pferdesportveranstaltungen ausgestellt. Karriere:Ich habe fast 30 Jahre meiner beruflichen Laufbahn als Grafikdesigner, Illustrator, Journalist und Fotograf in verschiedenen Medien verbracht und arbeite heute freiberuflich in diesen Bereichen. Zus\u00e4tzlich biete [&hellip;]<\/p>\n","protected":false},"author":3,"featured_media":0,"parent":0,"menu_order":0,"comment_status":"closed","ping_status":"closed","template":"","meta":{"footnotes":""},"class_list":["post-116","page","type-page","status-publish","hentry"],"yoast_head":"<!-- This site is optimized with the Yoast SEO plugin v27.4 - https:\/\/yoast.com\/product\/yoast-seo-wordpress\/ -->\n<title>CV - K\u00fcnstlerin Stiina Hovi -<\/title>\n<meta name=\"robots\" content=\"index, follow, max-snippet:-1, max-image-preview:large, max-video-preview:-1\" \/>\n<link rel=\"canonical\" href=\"https:\/\/tulikavio.de\/?page_id=116\" \/>\n<meta property=\"og:locale\" content=\"de_DE\" \/>\n<meta property=\"og:type\" content=\"article\" \/>\n<meta property=\"og:title\" content=\"CV - K\u00fcnstlerin Stiina Hovi -\" \/>\n<meta property=\"og:description\" content=\"Geboren in Espoo, Finnland, 1976Ich lebe und arbeite in Hyvink\u00e4\u00e4, Finnland. Facebook: TulikavioInstagram: @tulikavio_art Ausstellungen: Im Laufe der Jahre habe ich meine Kunst auch auf zahlreichen Pferdesportveranstaltungen ausgestellt. Karriere:Ich habe fast 30 Jahre meiner beruflichen Laufbahn als Grafikdesigner, Illustrator, Journalist und Fotograf in verschiedenen Medien verbracht und arbeite heute freiberuflich in diesen Bereichen. Zus\u00e4tzlich biete [&hellip;]\" \/>\n<meta property=\"og:url\" content=\"https:\/\/tulikavio.de\/?page_id=116\" \/>\n<meta property=\"article:modified_time\" content=\"2026-01-09T16:47:06+00:00\" \/>\n<meta property=\"og:image\" content=\"https:\/\/tulikavio.de\/wp-content\/uploads\/2026\/01\/stiina_3V3A1946-low.jpg\" \/>\n\t<meta property=\"og:image:width\" content=\"1276\" \/>\n\t<meta property=\"og:image:height\" content=\"1307\" \/>\n\t<meta property=\"og:image:type\" content=\"image\/jpeg\" \/>\n<meta name=\"twitter:card\" content=\"summary_large_image\" \/>\n<meta name=\"twitter:label1\" content=\"Gesch\u00e4tzte Lesezeit\" \/>\n\t<meta name=\"twitter:data1\" content=\"3\u00a0Minuten\" \/>\n<script type=\"application\/ld+json\" class=\"yoast-schema-graph\">{\"@context\":\"https:\\\/\\\/schema.org\",\"@graph\":[{\"@type\":\"WebPage\",\"@id\":\"https:\\\/\\\/tulikavio.de\\\/?page_id=116\",\"url\":\"https:\\\/\\\/tulikavio.de\\\/?page_id=116\",\"name\":\"CV - K\u00fcnstlerin Stiina Hovi -\",\"isPartOf\":{\"@id\":\"https:\\\/\\\/tulikavio.de\\\/#website\"},\"primaryImageOfPage\":{\"@id\":\"https:\\\/\\\/tulikavio.de\\\/?page_id=116#primaryimage\"},\"image\":{\"@id\":\"https:\\\/\\\/tulikavio.de\\\/?page_id=116#primaryimage\"},\"thumbnailUrl\":\"https:\\\/\\\/tulikavio.de\\\/wp-content\\\/uploads\\\/2026\\\/01\\\/stiina_3V3A1946-low-1000x1024.jpg\",\"datePublished\":\"2026-01-09T16:05:58+00:00\",\"dateModified\":\"2026-01-09T16:47:06+00:00\",\"breadcrumb\":{\"@id\":\"https:\\\/\\\/tulikavio.de\\\/?page_id=116#breadcrumb\"},\"inLanguage\":\"de\",\"potentialAction\":[{\"@type\":\"ReadAction\",\"target\":[\"https:\\\/\\\/tulikavio.de\\\/?page_id=116\"]}]},{\"@type\":\"ImageObject\",\"inLanguage\":\"de\",\"@id\":\"https:\\\/\\\/tulikavio.de\\\/?page_id=116#primaryimage\",\"url\":\"https:\\\/\\\/tulikavio.de\\\/wp-content\\\/uploads\\\/2026\\\/01\\\/stiina_3V3A1946-low.jpg\",\"contentUrl\":\"https:\\\/\\\/tulikavio.de\\\/wp-content\\\/uploads\\\/2026\\\/01\\\/stiina_3V3A1946-low.jpg\",\"width\":1276,\"height\":1307},{\"@type\":\"BreadcrumbList\",\"@id\":\"https:\\\/\\\/tulikavio.de\\\/?page_id=116#breadcrumb\",\"itemListElement\":[{\"@type\":\"ListItem\",\"position\":1,\"name\":\"Etusivu\",\"item\":\"https:\\\/\\\/tulikavio.de\\\/\"},{\"@type\":\"ListItem\",\"position\":2,\"name\":\"CV &#8211; K\u00fcnstlerin Stiina Hovi\"}]},{\"@type\":\"WebSite\",\"@id\":\"https:\\\/\\\/tulikavio.de\\\/#website\",\"url\":\"https:\\\/\\\/tulikavio.de\\\/\",\"name\":\"\",\"description\":\"Kontakt: stiinahovi@gmail.com \\\/ Facebook: Tulikavio\",\"potentialAction\":[{\"@type\":\"SearchAction\",\"target\":{\"@type\":\"EntryPoint\",\"urlTemplate\":\"https:\\\/\\\/tulikavio.de\\\/?s={search_term_string}\"},\"query-input\":{\"@type\":\"PropertyValueSpecification\",\"valueRequired\":true,\"valueName\":\"search_term_string\"}}],\"inLanguage\":\"de\"}]}<\/script>\n<!-- \/ Yoast SEO plugin. -->","yoast_head_json":{"title":"CV - K\u00fcnstlerin Stiina Hovi -","robots":{"index":"index","follow":"follow","max-snippet":"max-snippet:-1","max-image-preview":"max-image-preview:large","max-video-preview":"max-video-preview:-1"},"canonical":"https:\/\/tulikavio.de\/?page_id=116","og_locale":"de_DE","og_type":"article","og_title":"CV - K\u00fcnstlerin Stiina Hovi -","og_description":"Geboren in Espoo, Finnland, 1976Ich lebe und arbeite in Hyvink\u00e4\u00e4, Finnland. Facebook: TulikavioInstagram: @tulikavio_art Ausstellungen: Im Laufe der Jahre habe ich meine Kunst auch auf zahlreichen Pferdesportveranstaltungen ausgestellt. Karriere:Ich habe fast 30 Jahre meiner beruflichen Laufbahn als Grafikdesigner, Illustrator, Journalist und Fotograf in verschiedenen Medien verbracht und arbeite heute freiberuflich in diesen Bereichen. Zus\u00e4tzlich biete [&hellip;]","og_url":"https:\/\/tulikavio.de\/?page_id=116","article_modified_time":"2026-01-09T16:47:06+00:00","og_image":[{"width":1276,"height":1307,"url":"https:\/\/tulikavio.de\/wp-content\/uploads\/2026\/01\/stiina_3V3A1946-low.jpg","type":"image\/jpeg"}],"twitter_card":"summary_large_image","twitter_misc":{"Gesch\u00e4tzte Lesezeit":"3\u00a0Minuten"},"schema":{"@context":"https:\/\/schema.org","@graph":[{"@type":"WebPage","@id":"https:\/\/tulikavio.de\/?page_id=116","url":"https:\/\/tulikavio.de\/?page_id=116","name":"CV - K\u00fcnstlerin Stiina Hovi -","isPartOf":{"@id":"https:\/\/tulikavio.de\/#website"},"primaryImageOfPage":{"@id":"https:\/\/tulikavio.de\/?page_id=116#primaryimage"},"image":{"@id":"https:\/\/tulikavio.de\/?page_id=116#primaryimage"},"thumbnailUrl":"https:\/\/tulikavio.de\/wp-content\/uploads\/2026\/01\/stiina_3V3A1946-low-1000x1024.jpg","datePublished":"2026-01-09T16:05:58+00:00","dateModified":"2026-01-09T16:47:06+00:00","breadcrumb":{"@id":"https:\/\/tulikavio.de\/?page_id=116#breadcrumb"},"inLanguage":"de","potentialAction":[{"@type":"ReadAction","target":["https:\/\/tulikavio.de\/?page_id=116"]}]},{"@type":"ImageObject","inLanguage":"de","@id":"https:\/\/tulikavio.de\/?page_id=116#primaryimage","url":"https:\/\/tulikavio.de\/wp-content\/uploads\/2026\/01\/stiina_3V3A1946-low.jpg","contentUrl":"https:\/\/tulikavio.de\/wp-content\/uploads\/2026\/01\/stiina_3V3A1946-low.jpg","width":1276,"height":1307},{"@type":"BreadcrumbList","@id":"https:\/\/tulikavio.de\/?page_id=116#breadcrumb","itemListElement":[{"@type":"ListItem","position":1,"name":"Etusivu","item":"https:\/\/tulikavio.de\/"},{"@type":"ListItem","position":2,"name":"CV &#8211; K\u00fcnstlerin Stiina Hovi"}]},{"@type":"WebSite","@id":"https:\/\/tulikavio.de\/#website","url":"https:\/\/tulikavio.de\/","name":"","description":"Kontakt: stiinahovi@gmail.com \/ Facebook: Tulikavio","potentialAction":[{"@type":"SearchAction","target":{"@type":"EntryPoint","urlTemplate":"https:\/\/tulikavio.de\/?s={search_term_string}"},"query-input":{"@type":"PropertyValueSpecification","valueRequired":true,"valueName":"search_term_string"}}],"inLanguage":"de"}]}},"_links":{"self":[{"href":"https:\/\/tulikavio.de\/index.php?rest_route=\/wp\/v2\/pages\/116","targetHints":{"allow":["GET"]}}],"collection":[{"href":"https:\/\/tulikavio.de\/index.php?rest_route=\/wp\/v2\/pages"}],"about":[{"href":"https:\/\/tulikavio.de\/index.php?rest_route=\/wp\/v2\/types\/page"}],"author":[{"embeddable":true,"href":"https:\/\/tulikavio.de\/index.php?rest_route=\/wp\/v2\/users\/3"}],"replies":[{"embeddable":true,"href":"https:\/\/tulikavio.de\/index.php?rest_route=%2Fwp%2Fv2%2Fcomments&post=116"}],"version-history":[{"count":10,"href":"https:\/\/tulikavio.de\/index.php?rest_route=\/wp\/v2\/pages\/116\/revisions"}],"predecessor-version":[{"id":147,"href":"https:\/\/tulikavio.de\/index.php?rest_route=\/wp\/v2\/pages\/116\/revisions\/147"}],"wp:attachment":[{"href":"https:\/\/tulikavio.de\/index.php?rest_route=%2Fwp%2Fv2%2Fmedia&parent=116"}],"curies":[{"name":"wp","href":"https:\/\/api.w.org\/{rel}","templated":true}]}}